{"id":322,"date":"2016-08-26T00:18:48","date_gmt":"2016-08-25T22:18:48","guid":{"rendered":"http:\/\/the-home.berlin\/?page_id=322"},"modified":"2025-11-17T17:56:52","modified_gmt":"2025-11-17T15:56:52","slug":"ueber-und-mit-uns","status":"publish","type":"page","link":"https:\/\/the-home.berlin\/index.php\/ueber-und-mit-uns\/","title":{"rendered":"\u00fcber"},"content":{"rendered":"\n<h3 class=\"wp-block-heading\">und mit uns&#8230;.<\/h3>\n\n\n<ul>\n<li style=\"list-style-type: none;\">\n<ul>\n<li>Bericht im Deutschlandfunk \u00fcber unser Krav Maga Training in der Kampfkunstschule Neuk\u00f6lln <a href=\"http:\/\/www.deutschlandfunkkultur.de\/selbstverteidigungstechnik-krav-maga-wuergen-werfen-treten.1079.de.html?dram:article_id=402096\" target=\"_blank\" rel=\"noopener noreferrer nofollow\">&#8222;W\u00fcrgen, werfen, treten&#8220; von Peter Kaiser<\/a><\/li>\n<li style=\"text-align: left;\"><a href=\"http:\/\/juedischerundschau.de\/krav-maga-%e2%88%92-aus-dem-juedischen-ghetto-die-ganze-welt\/\" rel=\"nofollow noopener\" target=\"_blank\">Krav Maga \u2212 Aus dem j\u00fcdischen Ghetto in die ganze Welt von Laura K\u00fclper<\/a><\/li>\n<li style=\"text-align: left;\">Workshop Multiplikatorenfortbildung in der JVA Berlin-Pl\u00f6tzensee<a href=\"http:\/\/the-home.berlin\/wp-content\/uploads\/2016\/08\/multiplikatoren-fortbildung-jva-ploetzensee.jpg\"><img loading=\"lazy\" decoding=\"async\" class=\"wp-image-433 size-full\" src=\"http:\/\/the-home.berlin\/wp-content\/uploads\/2016\/08\/multiplikatoren-fortbildung-jva-ploetzensee.jpg\" alt=\"Workshop JVA Ploetzensee Berlin\" width=\"582\" height=\"826\" srcset=\"https:\/\/the-home.berlin\/wp-content\/uploads\/2016\/08\/multiplikatoren-fortbildung-jva-ploetzensee.jpg 582w, https:\/\/the-home.berlin\/wp-content\/uploads\/2016\/08\/multiplikatoren-fortbildung-jva-ploetzensee-211x300.jpg 211w\" sizes=\"auto, (max-width: 582px) 85vw, 582px\" \/><\/a>Muiltiplikatoren Fortbildung Workshop in der JVA Pl\u00f6tzensee<\/li>\n<li style=\"text-align: left;\"><a href=\"http:\/\/juedischerundschau.de\/messer-blaue-flecke-und-beschlagene-scheiben-135910245\/\" rel=\"nofollow noopener\" target=\"_blank\">Messer,blaue Flecke und beschlagene Scheiben<\/a><a href=\"http:\/\/juedischerundschau.de\/messer-blaue-flecke-und-beschlagene-scheiben-135910245\/\" rel=\"nofollow noopener\" target=\"_blank\"> von Laura K\u00fclper<\/a><a href=\"http:\/\/juedischerundschau.de\/messer-blaue-flecke-und-beschlagene-scheiben-135910245\/\" rel=\"nofollow noopener\" target=\"_blank\"> &#8211; J\u00fcdische Rundschau<\/a><\/li>\n<li style=\"text-align: left;\">Selbstverteidigung an der Herman-Nohl-Schule mit Fanny Fischer<br \/>\n<figure id=\"attachment_431\" aria-describedby=\"caption-attachment-431\" style=\"width: 654px\" class=\"wp-caption alignnone\"><a href=\"http:\/\/the-home.berlin\/wp-content\/uploads\/2016\/08\/aok-h-n-schule.jpg\"><img loading=\"lazy\" decoding=\"async\" class=\"wp-image-431 size-full\" src=\"http:\/\/the-home.berlin\/wp-content\/uploads\/2016\/08\/aok-h-n-schule.jpg\" alt=\"selbstverteidigung in der Schule mit Fanny Fischer - AOK Nordost\" width=\"654\" height=\"519\" srcset=\"https:\/\/the-home.berlin\/wp-content\/uploads\/2016\/08\/aok-h-n-schule.jpg 654w, https:\/\/the-home.berlin\/wp-content\/uploads\/2016\/08\/aok-h-n-schule-300x238.jpg 300w\" sizes=\"auto, (max-width: 654px) 85vw, 654px\" \/><\/a><figcaption id=\"caption-attachment-431\" class=\"wp-caption-text\">AOK Nordost, selbstverteidigung in der schule, krav maga in berlin, benjamin,meyer<\/figcaption><\/figure>\n<\/li>\n<li style=\"text-align: left;\">kurzes Interview von Ronja (star*fm) mit benny am 12.01.2016 \u00fcber Selbstverteidigung\n<audio class=\"wp-audio-shortcode\" id=\"audio-322-1\" preload=\"none\" style=\"width: 100%;\" controls=\"controls\"><source type=\"audio\/mpeg\" src=\"http:\/\/the-home.berlin\/wp-content\/uploads\/2016\/08\/120116_Mitschnitt_Selbstverteidigung.mp3?_=1\" \/><a href=\"http:\/\/the-home.berlin\/wp-content\/uploads\/2016\/08\/120116_Mitschnitt_Selbstverteidigung.mp3\">http:\/\/the-home.berlin\/wp-content\/uploads\/2016\/08\/120116_Mitschnitt_Selbstverteidigung.mp3<\/a><\/audio>\n<\/li>\n<\/ul>\n<\/li>\n<\/ul>\n<p><strong>Kfir Itzhaki &#8211; Instinct Integrated Israeli Combatives<br \/><\/strong><\/p>\n<ul>\n<li style=\"list-style-type: none;\">\n<ul>\n<li style=\"text-align: left;\"><a href=\"http:\/\/juedischerundschau.de\/du-lernst-viel-mehr-als-das-kaempfen-135910195\/\" rel=\"nofollow noopener\" target=\"_blank\">Interview von Laura K\u00fclper mit Kfir Itzhaki &#8211; Du lernst viel mehr als das K\u00e4mpfen<\/a><\/li>\n<\/ul>\n<\/li>\n<\/ul>\n<p><strong>Itay Gil &#8211; Protect Israeli Security Solutions @THE-HOME.BERLIN<\/strong><\/p>\n<ul>\n<li style=\"text-align: left;\"><a href=\"http:\/\/juedischerundschau.de\/wir-glauben-einfach-nicht-dass-so-etwas-passiert-bis-es-dann-passiert-135910466\/\" rel=\"nofollow noopener\" target=\"_blank\">Interview von Laura K\u00fclper mit Itay Gil am 16.04.2016 @HOME &#8211; Wir glauben einfach nicht, dass so etwas passiert &#8211; bis es dann passiert<\/a><\/li>\n<\/ul>","protected":false},"excerpt":{"rendered":"<p>und mit uns&#8230;. Bericht im Deutschlandfunk \u00fcber unser Krav Maga Training in der Kampfkunstschule Neuk\u00f6lln &#8222;W\u00fcrgen, werfen, treten&#8220; von Peter Kaiser Krav Maga \u2212 Aus dem j\u00fcdischen Ghetto in die ganze Welt von Laura K\u00fclper Workshop Multiplikatorenfortbildung in der JVA Berlin-Pl\u00f6tzenseeMuiltiplikatoren Fortbildung Workshop in der JVA Pl\u00f6tzensee Messer,blaue Flecke und beschlagene Scheiben von Laura K\u00fclper &hellip; <a href=\"https:\/\/the-home.berlin\/index.php\/ueber-und-mit-uns\/\" class=\"more-link\"><span class=\"screen-reader-text\">\u201e\u00fcber\u201c <\/span>weiterlesen<\/a><\/p>\n","protected":false},"author":1,"featured_media":0,"parent":0,"menu_order":0,"comment_status":"closed","ping_status":"closed","template":"","meta":{"_acf_changed":false,"footnotes":""},"class_list":["post-322","page","type-page","status-publish","hentry"],"acf":[],"_links":{"self":[{"href":"https:\/\/the-home.berlin\/index.php\/wp-json\/wp\/v2\/pages\/322","targetHints":{"allow":["GET"]}}],"collection":[{"href":"https:\/\/the-home.berlin\/index.php\/wp-json\/wp\/v2\/pages"}],"about":[{"href":"https:\/\/the-home.berlin\/index.php\/wp-json\/wp\/v2\/types\/page"}],"author":[{"embeddable":true,"href":"https:\/\/the-home.berlin\/index.php\/wp-json\/wp\/v2\/users\/1"}],"replies":[{"embeddable":true,"href":"https:\/\/the-home.berlin\/index.php\/wp-json\/wp\/v2\/comments?post=322"}],"version-history":[{"count":37,"href":"https:\/\/the-home.berlin\/index.php\/wp-json\/wp\/v2\/pages\/322\/revisions"}],"predecessor-version":[{"id":1264,"href":"https:\/\/the-home.berlin\/index.php\/wp-json\/wp\/v2\/pages\/322\/revisions\/1264"}],"wp:attachment":[{"href":"https:\/\/the-home.berlin\/index.php\/wp-json\/wp\/v2\/media?parent=322"}],"curies":[{"name":"wp","href":"https:\/\/api.w.org\/{rel}","templated":true}]}}